{"id":2992,"date":"2016-12-07T16:44:49","date_gmt":"2016-12-07T16:44:49","guid":{"rendered":"https:\/\/www.raisedbogs.ie\/maidir-leis-an-bportach-beo\/"},"modified":"2025-12-19T14:54:13","modified_gmt":"2025-12-19T14:54:13","slug":"maidir-leis-an-bportach-beo","status":"publish","type":"page","link":"https:\/\/www.raisedbogs.ie\/ga\/maidir-leis-an-bportach-beo\/","title":{"rendered":"Maidir leis an bportach beo"},"content":{"rendered":"<p><img loading=\"lazy\" decoding=\"async\" class=\" wp-image-1068 aligncenter\" src=\"https:\/\/www.raisedbogs.ie\/wp-content\/uploads\/2016\/12\/01.-logo-final-1024x1024.jpg\" alt=\"\" width=\"437\" height=\"437\" srcset=\"https:\/\/www.raisedbogs.ie\/wp-content\/uploads\/2016\/12\/01.-logo-final-1024x1024.jpg 1024w, https:\/\/www.raisedbogs.ie\/wp-content\/uploads\/2016\/12\/01.-logo-final-150x150.jpg 150w, https:\/\/www.raisedbogs.ie\/wp-content\/uploads\/2016\/12\/01.-logo-final-300x300.jpg 300w, https:\/\/www.raisedbogs.ie\/wp-content\/uploads\/2016\/12\/01.-logo-final-768x768.jpg 768w, https:\/\/www.raisedbogs.ie\/wp-content\/uploads\/2016\/12\/01.-logo-final.jpg 1181w\" sizes=\"auto, (max-width: 437px) 100vw, 437px\" \/><\/p>\n<p>F\u00e1ilte chuig an tionscadal athch\u00f3irithe portaigh aonair is m\u00f3 ar tugadh faoi riamh sa st\u00e1t. <strong>T\u00e1 An Portach Beo<\/strong> \u2013 Tionscadal Athch\u00f3irithe na bPortach Beo (LIFE14 NAT\/IE\/000032) \u2013 ar si\u00fal faoi l\u00e1thair ag 12 phortach thar 7 gcontae, a bhu\u00edochas do mhaoini\u00fa \u00f3 EU LIFE N\u00e1d\u00far &amp; Bith\u00e9ags\u00falacht agus cabhair bhreise \u00f3n Roinn Tith\u00edochta, Rialtais \u00c1iti\u00fail agus Oidhreachta agus \u00f3n tSeirbh\u00eds P\u00e1irceanna N\u00e1isi\u00fanta agus Fiadh\u00falra. T\u00e1 an Portach Ardaithe Gn\u00edomhach i nGr\u00e9as\u00e1n SAC na h\u00c9ireann \u00e1 athch\u00f3iri\u00fa againn idir 2016 \u2013 2021.<\/p>\n<p>Tiocfaidh deireadh leis an tionscadail i m\u00ed na Nollag 2021. Ach mairfidh a oidhreacht mar go leanfaidh an Rialtas, i gcomhar leis an gCoimisi\u00fan Eorpach, den athch\u00f3iri\u00fa ar thailte m\u00f3na ar fud na t\u00edre.<\/p>\n<p>An aidhm a bh\u00ed le tionscadal na bPortach Beo na feabhas a chur ar bhreis agus 2,600 heicte\u00e1r de ghn\u00e1th\u00f3g th\u00e1bhachtach portaigh ardaithe, ag athbheochan gn\u00e1th\u00f3ige a thaca\u00edonn leis na c\u00e9adta de phlanda\u00ed agus speicis, mar aon le cuid mh\u00f3r de na hainmhithe, \u00e9in agus feithid\u00ed is neamhchoitianta in \u00c9irinn. Ach mar a tharla\u00edonn, t\u00e1 n\u00edos m\u00f3 n\u00e1 sin athch\u00f3irithe aige, leis an gcuid is m\u00f3 den obair athch\u00f3irithe d\u00e9anta idir 2018 \u2013 2020 agus breis agus 3,000 ha tugtha ar ais ina bheatha.<\/p>\n<p>Gn\u00e1th\u00f3ga s\u00e1rluachmhara bogaigh is ea na portaigh ardaithe at\u00e1 ag dul i l\u00e9ig go lean\u00fanach mar gheall ar ghn\u00edomha\u00edochta\u00ed daonna. T\u00e9ann siad siar breis agus 10,000 bliain agus ag tr\u00e1th den saol bh\u00ed siad ina gcoimpl\u00e9isc fhorleathana de bhogaigh ar fud chuid mh\u00f3r d\u2019\u00edsealchr\u00edoch l\u00e1ir na h\u00c9ireann ag cl\u00fadach 350,000 heicte\u00e1r tal\u00fan de r\u00e9ir meastach\u00e1in. Thar na m\u00edlte bliain, bh\u00ed siad fite fuaite i gcult\u00far agus i dtraidisi\u00fan na h\u00c9ireann, ach le meicni\u00fa na bainte m\u00f3na, an t-\u00e9ileamh ar mh\u00f3in \u00f3n earn\u00e1il ghairneoireachta agus \u00fas\u00e1id na m\u00f3na mar bhreosla chun leictreachas a ghini\u00faint, g\u00e9ara\u00edodh an m\u00ednt\u00edri\u00fa ar thailte m\u00f3na in \u00c9irinn chomh m\u00f3r agus go raibh gach portach ardaithe sa t\u00edr faoi thionchar draen\u00e1la, a bheag n\u00f3 a mh\u00f3r, agus cuid mh\u00f3r acu dam\u00e1istithe go do-athraithe agus go marfach. Gach a raibh f\u00e1gtha, bh\u00ed s\u00e9 dam\u00e1istithe, pollta, draen\u00e1ilte agus ag triom\u00fa amach. N\u00edl aon phortach nach raibh tionchar air ag an sle\u00e1n n\u00f3 an meais\u00edn.<\/p>\n<div id=\"attachment_838\" style=\"width: 1034px\" class=\"wp-caption aligncenter\"><a href=\"https:\/\/www.raisedbogs.ie\/wp-content\/uploads\/2017\/01\/Clara-1809-to-2006-1024x650.jpg\"><img loading=\"lazy\" decoding=\"async\" aria-describedby=\"caption-attachment-838\" class=\"size-large wp-image-838\" src=\"https:\/\/www.raisedbogs.ie\/wp-content\/uploads\/2017\/01\/Clara-1809-to-2006-1024x650.jpg\" alt=\"L\u00e9arsc\u00e1il Teorainn an Phortaigh os cionn 200 Bliain\" width=\"1024\" height=\"650\" srcset=\"https:\/\/www.raisedbogs.ie\/wp-content\/uploads\/2017\/01\/Clara-1809-to-2006-1024x650.jpg 1024w, https:\/\/www.raisedbogs.ie\/wp-content\/uploads\/2017\/01\/Clara-1809-to-2006-300x190.jpg 300w, https:\/\/www.raisedbogs.ie\/wp-content\/uploads\/2017\/01\/Clara-1809-to-2006-768x487.jpg 768w, https:\/\/www.raisedbogs.ie\/wp-content\/uploads\/2017\/01\/Clara-1809-to-2006.jpg 1086w\" sizes=\"auto, (max-width: 1024px) 100vw, 1024px\" \/><\/a><p id=\"caption-attachment-838\" class=\"wp-caption-text\"><em>An t-athr\u00fa at\u00e1 tagtha ar Phortach Chl\u00f3irthigh i gContae U\u00edbh Fhail\u00ed le 200 bliain anuas. Pic: Patrick Crushell. <\/em><\/p><\/div>\n<p>I ndeireadh na 1970\u00ed, th\u00e1inig borradh faoin tuiscint go raibh g\u00e1 le caomhn\u00fa a dh\u00e9anamh ar \u00e1r dtailte portaigh \u2013 r\u00f3mhall chun cuid mh\u00f3r de phortaigh m\u00f3ra ardaithe na h\u00c9ireann a sh\u00e1bh\u00e1il \u2013 ach in am le cuid de na cinn ghonta a bh\u00ed f\u00e1gtha a sh\u00e1bh\u00e1il. Th\u00e1inig an spreagadh \u00f3 Phortaigh Chl\u00f3irthigh, an R\u00e1ith\u00edn Mh\u00f3ir agus an Mhong\u00e1in in U\u00edbh Fhail\u00ed, agus iompa\u00edodh na staid\u00e9ir ina ngn\u00edomhartha.<\/p>\n<p>Bh\u00ed r\u00f3l ag na portaigh ardaithe, an NPWS, gn\u00edomhaireachta\u00ed st\u00e1it eile, NGOnna, daoine aonair, gr\u00fapa\u00ed, \u00fain\u00e9ir\u00ed tal\u00fan agus eagra\u00edochta\u00ed i s\u00e1bh\u00e1il chuid de na sampla\u00ed is bre\u00e1tha de ghn\u00e1th\u00f3g n\u00e1d\u00fartha portaigh ardaithe at\u00e1 ar domhan T\u00e1 siad chomh t\u00e1bhachtach sin go bhfuil 53 de na portaigh ardaithe sin roghnaithe agus ainmnithe faoin Treoir maidir le Gn\u00e1th\u00f3ga mar SACanna (Limist\u00e9ir Chaomhantais Speisialta) agus l\u00e1ithre\u00e1in Natura 2000.<\/p>\n<p>Is minic a thugtar foraois bh\u00e1ist\u00ed na h\u00c9ireann ar na portaigh bheo seo a bhfuil f\u00edorth\u00e1bhacht leo i dtaca le bith\u00e9ags\u00falacht, rial\u00fach\u00e1n tuilte agus rial\u00fa asta\u00edochta\u00ed carb\u00f3in. C\u00e9 nach gcl\u00fada\u00edonn portaigh agus tailte m\u00f3na ach 3% de dhromchla ioml\u00e1n an domhain, meastar go st\u00f3r\u00e1lann siad 30% de charb\u00f3n na hithreach agus a dh\u00e1 oiread carb\u00f3in leis na foraoiseacha go l\u00e9ir at\u00e1 ar domhan.<\/p>\n<p>FAOI BHR\u00da<\/p>\n<p>T\u00e1 st\u00e1das caomhnaithe na bportach faoi bhr\u00fa ard lean\u00fanach mar gheall ar ghn\u00edomha\u00edochta\u00ed \u00e9ags\u00fala talamh\u00fas\u00e1ide \u2013 go h\u00e1irithe \u00f3 bhaint \/s\u00e1bh\u00e1il na m\u00f3na agus an draen\u00e1il a th\u00e9ann leis. Meastar go bhfuil laghd\u00fa 99% tagtha ar an achar bunaidh de phortaigh ardaithe at\u00e1 ag f\u00e1s go gn\u00edomhach; agus n\u00edl ach 1,650ha den phortach ard \u2018sl\u00e1n\u2019 ar f\u00e9idir \u00e9 a rang\u00fa anois mar \u2018Phortach Ard Gn\u00edomhach\u2019 at\u00e1 beo.<\/p>\n<p>Mar sin, t\u00e1 g\u00e1 pr\u00e1inneach leis an meath seo a chasadh timpeall agus feabhas a chur ar st\u00e1das caomhnaithe na bportach ardaithe gn\u00edomhach, agus d\u00e1 bharr sin, in 2014, cuireadh \u20ac5.4 milli\u00fan de mhaoini\u00fa ar f\u00e1il faoi chl\u00e1r LIFE an EU (a thaca\u00edonn le caomhantas d\u00falra agus tionscadail ghn\u00edomha\u00edochta aer\u00e1ide ar fud an EU).<\/p>\n<p>Is \u00e9 an sprioc at\u00e1 leis an tionscadal portaigh ardaithe LIFE seo ar deireadh thiar n\u00e1 m\u00e9ad\u00fa \u00e9ifeacht\u00fail a chur ar an limist\u00e9ar do Phortaigh Ardaithe Gn\u00edomhacha agus don limist\u00e9ar n\u00e1isi\u00fanta gn\u00e1th\u00f3ige ar 12 cheann de na 53 SAC tr\u00ed r\u00e9imse de bheartais athch\u00f3irithe. T\u00e1 sc\u00f3ip an tionscadail ollmh\u00f3r. Bloc\u00e1ladh breis agus 200 km de dhraenacha doimhne a bh\u00ed bainteach le s\u00e1bh\u00e1il mh\u00f3na ar phortaigh arda agus r\u00e9itithe ag \u00fas\u00e1id beagnach 15,000 damba m\u00f3na agus n\u00edos m\u00f3 n\u00e1 500 damba plaisteach chun n\u00e1 leibh\u00e9il uisce a ard\u00fa agus na portaigh a fhliuchadh in athuair. N\u00edl sna feabhs\u00fach\u00e1in ar chomh\u00e9adain, inl\u00edonadh draenacha, f\u00e1il r\u00e9idh le fl\u00f3ra \u00e1irithe, feabhs\u00fach\u00e1in ar fh\u00e1l\u00fa agus si\u00falbheala\u00ed, pleananna d\u00f3ite\u00e1in agus sol\u00e1thar conl\u00e1iste ach cuid bheag den phlean athch\u00f3irithe ina ioml\u00e1ine.<\/p>\n<p>Aidhm mh\u00f3r den tionscadal ab ea t\u00e1bhacht na bportach a scaipeadh agus pobail a thabhairt ar bord chun iad a chur ar ais ina gceart. Agus go deimhin fuair na hoibreacha tionscadail maidir le cumars\u00e1id agus pobail, faoi sti\u00fair <strong>an Bhainisteora Feasachta Poibl\u00ed Ronan Casey<\/strong>, aitheantas cu\u00ed as \u00f3n gCoimisi\u00fan Eorpach le hainmni\u00fach\u00e1n don <a href=\"https:\/\/ec.europa.eu\/environment\/nature\/natura2000\/awards\/previous-editions\/2020-edition\/finalists\/html\/index.html\">Ghradam Natura 2000<\/a> i nDeireadh F\u00f3mhair 2020. Bh\u00edomar ar cheann de na 27 craobhiomaitheoir idirn\u00e1isi\u00fanta do na gradaim n\u00e1d\u00fair iontacha sin.<\/p>\n<p>T\u00e1 conl\u00e1ist\u00ed poibl\u00ed den scoth, ag athcheangal pobail leis na portaigh ar ch\u00faiseanna difri\u00fala n\u00e1 mar a bh\u00ed san am at\u00e1 caite, le cur ar f\u00e1il ar SAC Phortach Cheathr\u00fa na gCapall (n\u00f3 \u2018<a href=\"https:\/\/www.facebook.com\/Galways-Living-Bog-339230196669674\">Portach Beo na Gaillimhe<\/a>\u2019 mar a thugtar air) sa Chreag\u00e1n; ar SAC Phortach Chl\u00f3irthigh agus Phortach an Fh\u00e9ir Bh\u00e1in i gContae U\u00edbh Fhail\u00ed; SAC Phortach Cheathr\u00fa Bheith\u00ed, Co. Ros Com\u00e1in agus SAC Phortach Choillidh Chonnaidh, Co. an Chabh\u00e1in.<\/p>\n<p>Fiontar uaillmhianach, casta is ea athch\u00f3iri\u00fa na bportach ardaithe gn\u00edomhach, ag athchruth\u00fa na gcoinn\u00edollacha hidreola\u00edocha agus \u00e9iceola\u00edocha faoina n-athr\u00f3idh gn\u00e1th\u00f3ga f\u00edorsh\u00faiteacha caonaigh sfagnaim ina m\u00f3in nua.<\/p>\n<p>Cuirfidh na hoibreacha athch\u00f3irithe feabhas ar 3,000 ha, geall leis, de ghn\u00e1th\u00f3g portaigh ardaithe \u2013 achar at\u00e1 beagnach comhionann le 7,000 P\u00e1irc an Chr\u00f3caigh!<\/p>\n<p><a href=\"https:\/\/www.raisedbogs.ie\/wp-content\/uploads\/2017\/02\/IMG_9081-1024x683.jpg\"><img loading=\"lazy\" decoding=\"async\" class=\"size-large wp-image-727 aligncenter\" src=\"https:\/\/www.raisedbogs.ie\/wp-content\/uploads\/2017\/02\/IMG_9081-1024x683.jpg\" alt=\"Portach ardaithe\" width=\"1024\" height=\"683\" srcset=\"https:\/\/www.raisedbogs.ie\/wp-content\/uploads\/2017\/02\/IMG_9081-1024x683.jpg 1024w, https:\/\/www.raisedbogs.ie\/wp-content\/uploads\/2017\/02\/IMG_9081-300x200.jpg 300w, https:\/\/www.raisedbogs.ie\/wp-content\/uploads\/2017\/02\/IMG_9081-768x512.jpg 768w\" sizes=\"auto, (max-width: 1024px) 100vw, 1024px\" \/><\/a><\/p>\n<p>Le hais na n-idirghabh\u00e1lacha fisici\u00fala, dh\u00edrigh an plean ar chomhoibri\u00fa an phobail \u00e1iti\u00fail a dhaingni\u00fa agus tuiscint n\u00e1isi\u00fanta n\u00edos m\u00f3 a choth\u00fa faoin t\u00e1bhacht at\u00e1 le portaigh ardaithe na h\u00c9ireann agus le Gr\u00e9as\u00e1n Natura 2000 na hEorpa tr\u00ed r\u00e9imse de thionscadail for-rochtana agus feasachta poibl\u00ed.<\/p>\n<p>T\u00e1 seachthairbhe shuntasach shocheacnama\u00edoch ar f\u00e1il ag na pobail \u00e1iti\u00fala mar thoradh ar an tionscadal seo. T\u00e1 an luach taitneamhachta at\u00e1 i bhformh\u00f3r na l\u00e1ithre\u00e1n an-fhabhrach agus c\u00e9 nach n-\u00fas\u00e1idfear na portaigh mar bhreosla, f\u00f3s f\u00e9in beidh r\u00f3l l\u00e1rnach acu i gcro\u00ed na bpobal \u00e1iti\u00fail.<\/p>\n<p>Seo \u00ed an Fhoireann Tionscadail LIFE a bh\u00ed i bhfeidhm d\u2019fhormh\u00f3r an tionscadail:<\/p>\n<ul>\n<li>Bainisteoir Tionscadail: Jack McGauley<\/li>\n<li>Bainisteoir Feasachta Poibl\u00ed: Ronan Casey<\/li>\n<li>Riarth\u00f3ir: Evelyn Slevin<\/li>\n<li>\u00c9iceola\u00ed Tionscadail: William Crowley<\/li>\n<li>Hidreola\u00ed Tionscadail: John Cody.<\/li>\n<\/ul>\n<p><a href=\"https:\/\/www.raisedbogs.ie\/wp-content\/uploads\/2017\/02\/IMG_1013-1-1024x768.jpg\"><img loading=\"lazy\" decoding=\"async\" class=\"size-large wp-image-788 aligncenter\" src=\"https:\/\/www.raisedbogs.ie\/wp-content\/uploads\/2017\/02\/IMG_1013-1-1024x768.jpg\" alt=\"\" width=\"1024\" height=\"768\" srcset=\"https:\/\/www.raisedbogs.ie\/wp-content\/uploads\/2017\/02\/IMG_1013-1-1024x768.jpg 1024w, https:\/\/www.raisedbogs.ie\/wp-content\/uploads\/2017\/02\/IMG_1013-1-300x225.jpg 300w, https:\/\/www.raisedbogs.ie\/wp-content\/uploads\/2017\/02\/IMG_1013-1-768x576.jpg 768w\" sizes=\"auto, (max-width: 1024px) 100vw, 1024px\" \/><\/a><\/p>\n<p>I bhfianaise asta\u00edochta\u00ed g\u00e1is cheaptha teasa na h\u00c9ireann a bheith ag ard\u00fa le tamall, is fi\u00fa a n\u00f3t\u00e1il gur linnte d\u00e9-ocsa\u00edd charb\u00f3in an-\u00e9ifeacht\u00fala iad na portaigh ardaithe. T\u00e1 modhanna nua forbartha ag tionscadal na bPortach Beo chun monat\u00f3ireacht a dh\u00e9anamh ar asta\u00edochta\u00ed carb\u00f3in, rud a thabharfaidh eolas t\u00e1bhachtach don r\u00e9imse sin.<\/p>\n<p>Lena chois sin, thug an tionscadal faoi c\u00f3ras rangaithe nua a chruth\u00fa do limist\u00e9ir r\u00e9itithe de phortaigh arda, faoi cheannaireacht \u00e9iceola\u00ed an tionscadail William Crowley agus George F Smith \u00f3 Blackthorn Ecology. Is f\u00e9idir leat an IWM faoi sin a l\u00e9amh <a href=\"https:\/\/www.npws.ie\/sites\/default\/files\/publications\/pdf\/IWM128.pdf\">ANSEO<\/a><\/p>\n<p>Freisin, t\u00e1 roinnt mhaith dul chun cinn d\u00e9anta ag tionscadal na bPortach Beo chun cosaint a thabhairt do na c\u00e9adta speiceas n\u00e1d\u00fartha a bhfuil portaigh bheo mar \u00e1it ch\u00f3naithe acu.<\/p>\n<p>Tearmann do chuid mhaith speiceas \u00e9an is ea na Portaigh Ardaithe. Is \u00e9 an crotach an t-\u00e9an is m\u00f3 at\u00e1 i mbaol in \u00c9irinn anois agus meastar gur ar na portaigh at\u00e1 a nead ag 70% den 130 p\u00e9ire p\u00f3r\u00fach\u00e1in a bh\u00ed f\u00e1gtha nuair a facthas iad in 2016. Ar an dul c\u00e9anna, t\u00e1 an Chearc \/ Coileach Fraoigh faoi bhagairt agus a bhfadsaoil ag brath ar phortaigh maithe boga.<\/p>\n<p><a href=\"https:\/\/www.raisedbogs.ie\/wp-content\/uploads\/2016\/12\/Bog-Nature-Curlew.jpg\"><img loading=\"lazy\" decoding=\"async\" class=\"alignnone wp-image-91\" src=\"https:\/\/www.raisedbogs.ie\/wp-content\/uploads\/2016\/12\/Bog-Nature-Curlew.jpg\" alt=\"Crotach sa Phortach\" width=\"201\" height=\"129\" \/><\/a><a href=\"https:\/\/www.raisedbogs.ie\/wp-content\/uploads\/2017\/02\/GWFG-Band-Flight-1024x695.jpg\"><img loading=\"lazy\" decoding=\"async\" class=\"alignnone wp-image-785\" src=\"https:\/\/www.raisedbogs.ie\/wp-content\/uploads\/2017\/02\/GWFG-Band-Flight-1024x695.jpg\" alt=\"G\u00e9 Ghraonlainn eireaball Bh\u00e1n\" width=\"193\" height=\"131\" srcset=\"https:\/\/www.raisedbogs.ie\/wp-content\/uploads\/2017\/02\/GWFG-Band-Flight-1024x695.jpg 1024w, https:\/\/www.raisedbogs.ie\/wp-content\/uploads\/2017\/02\/GWFG-Band-Flight-300x204.jpg 300w, https:\/\/www.raisedbogs.ie\/wp-content\/uploads\/2017\/02\/GWFG-Band-Flight-768x522.jpg 768w, https:\/\/www.raisedbogs.ie\/wp-content\/uploads\/2017\/02\/GWFG-Band-Flight.jpg 1945w\" sizes=\"auto, (max-width: 193px) 100vw, 193px\" \/><\/a><a href=\"https:\/\/www.raisedbogs.ie\/wp-content\/uploads\/2017\/01\/11.-red-grouse.jpg\"><img loading=\"lazy\" decoding=\"async\" class=\"alignnone wp-image-299\" src=\"https:\/\/www.raisedbogs.ie\/wp-content\/uploads\/2017\/01\/11.-red-grouse.jpg\" alt=\"Cearc Fhraoigh\" width=\"196\" height=\"130\" srcset=\"https:\/\/www.raisedbogs.ie\/wp-content\/uploads\/2017\/01\/11.-red-grouse.jpg 640w, https:\/\/www.raisedbogs.ie\/wp-content\/uploads\/2017\/01\/11.-red-grouse-300x200.jpg 300w\" sizes=\"auto, (max-width: 196px) 100vw, 196px\" \/><\/a><\/p>\n<p>Tugann cuid mh\u00f3r \u00e9an neamhdh\u00fachasach cuairt ar \u00e1r bportaigh ardaithe, ag ligean a sc\u00edth agus ag f\u00e1il bia ar a n-aistear. T\u00e1 a saol sin ag brath ar dh\u00f3thain thailte boga cos\u00fail le portaigh arda a bheith acu. A bhu\u00edochas don Sc\u00e9im Rannph\u00e1irt\u00edochta Pobail Tailte M\u00f3na agus Aonad na dTailte M\u00f3na den NPWS, bh\u00edomar in ann dul i gcomhar le Cairde \u00c9anlaith \u00c9ireann chun tabhairt faoi suirbh\u00e9anna \u00e9an ar chuid d\u00e1r l\u00e1ithre\u00e1n. T\u00e1 na tortha\u00ed air sin le foilsi\u00fa ag deireadh 2021. <em>(n\u00f3ta: n\u00ed raibh an obair sin \u00e1irithe sa mhaoini\u00fa a thug an AE\/NPWS bunaithe ar an gc\u00e1ip\u00e9is thairisceana)<\/em><\/p>\n<p>Lena chois sin, f\u00e1sann raon mearbhlach de phlanda\u00ed nach bhfuil le f\u00e1il in aon \u00e1it eile ar phortaigh arda. Maidir le sainphlanda\u00ed ar n\u00f3s an speicis feoiliteach Drosera (Dr\u00facht\u00edn) a itheann m\u00edolt\u00f3ga nuair a sh\u00e1inn\u00edonn a bhraiteoga na feithid\u00ed agus ansin s\u00fann s\u00e9 an bheatha astu; n\u00f3 lus an bhorraigh a shlogann na feithid\u00ed isteach i gcill\u00edn uisci\u00fail, n\u00edl siad le f\u00e1il in aon ghn\u00e1th\u00f3ga eile in \u00c9irinn. Maidir leis na caonaigh Sfagnaim as a bhforbra\u00edonn portaigh agus at\u00e1 le f\u00e1il go fl\u00fairseach i dtailte portaigh, n\u00ed bh\u00edonn an t\u00e1bhacht c\u00e9anna leo in aon chine\u00e1l gn\u00e1th\u00f3ige eile. B\u00edonn breis agus dh\u00e1 dhosaen Sfagnam ag obair ar phortach ardaithe \u00c9ireannach ag aon am ar leith.<\/p>\n<p><a href=\"https:\/\/www.raisedbogs.ie\/wp-content\/uploads\/2017\/02\/P1020430-1-1024x768.jpg\"><img loading=\"lazy\" decoding=\"async\" class=\"size-large wp-image-801 aligncenter\" src=\"https:\/\/www.raisedbogs.ie\/wp-content\/uploads\/2017\/02\/P1020430-1-1024x768.jpg\" alt=\"\" width=\"1024\" height=\"768\" srcset=\"https:\/\/www.raisedbogs.ie\/wp-content\/uploads\/2017\/02\/P1020430-1-1024x768.jpg 1024w, https:\/\/www.raisedbogs.ie\/wp-content\/uploads\/2017\/02\/P1020430-1-300x225.jpg 300w, https:\/\/www.raisedbogs.ie\/wp-content\/uploads\/2017\/02\/P1020430-1-768x576.jpg 768w\" sizes=\"auto, (max-width: 1024px) 100vw, 1024px\" \/><\/a><\/p>\n<p>T\u00e1 inveirteabraigh, amfaibiaigh agus feithid\u00ed in ann a bheith rath\u00fail freisin ar phortach ardaithe \u00c9ireannach agus t\u00e1 cuid mhaith feithid\u00ed ar \u00e1r l\u00e1ithre\u00e1in thionscadail nach bhfuil le f\u00e1il in aon \u00e1it eile.<\/p>\n<p>Mar acmhainn oideachais agus thuras\u00f3ireachta, n\u00edl s\u00e1r\u00fa an portaigh ardaithe mar \u00e9iceach\u00f3ras neas-n\u00e1d\u00fartha le f\u00e1il in \u00c9irinn. T\u00e1 spreagadh tugtha do dhaoine \u00f3ga \u00f3 leibh\u00e9al na Scoile N\u00e1isi\u00fanta suas go dt\u00ed an Ollscoil a theacht chuig \u00e1r l\u00e1ithre\u00e1in (suas go dt\u00ed an r\u00e1ig Covid-19 i M\u00e1rta 2020) chun foghlaim faoin t\u00edrdhreach uath\u00fail seo a chaithfear a chosaint agus a athbheochan. Tugadh cuairt ar bhreis agus 300 foras. Spreagadh Tionscadail Scoile agus Col\u00e1iste, agus fi\u00fa go raibh buaiteoir gradaim againn ag com\u00f3rtas Eola\u00ed \u00d3g BT, mar go bhfuil r\u00f3l ag portaigh ardaithe i ngach cine\u00e1l gn\u00edomh comhshaoil, \u00f3 mhaol\u00fa tuilte go dt\u00ed st\u00f3r\u00e1il charb\u00f3in.<\/p>\n<p>Coinnigh s\u00fail ar \u00e1r me\u00e1in sh\u00f3isialta agus ar \u00e1r leathanaigh <a href=\"https:\/\/twitter.com\/LIFEraisedbogs\">TWITTER<\/a> agus <a href=\"https:\/\/www.facebook.com\/LIFEraisedbogs\">FACEBOOK<\/a> at\u00e1 l\u00e1n de ghn\u00edomha\u00edocht agus comhr\u00e1, agus lean\/is maith liom a thabhairt d\u00f3ibh.<\/p>\n<p><a href=\"https:\/\/www.facebook.com\/LIFEraisedbogs\/\"><img loading=\"lazy\" decoding=\"async\" class=\"alignnone wp-image-1069\" src=\"https:\/\/www.raisedbogs.ie\/wp-content\/uploads\/2016\/12\/facebook-logo-png-transparent-background-1024x1024.png\" alt=\"Facebook\" width=\"32\" height=\"32\" srcset=\"https:\/\/www.raisedbogs.ie\/wp-content\/uploads\/2016\/12\/facebook-logo-png-transparent-background-1024x1024.png 1024w, https:\/\/www.raisedbogs.ie\/wp-content\/uploads\/2016\/12\/facebook-logo-png-transparent-background-1024x1024-150x150.png 150w, https:\/\/www.raisedbogs.ie\/wp-content\/uploads\/2016\/12\/facebook-logo-png-transparent-background-1024x1024-300x300.png 300w, https:\/\/www.raisedbogs.ie\/wp-content\/uploads\/2016\/12\/facebook-logo-png-transparent-background-1024x1024-768x768.png 768w\" sizes=\"auto, (max-width: 32px) 100vw, 32px\" \/><\/a> <a href=\"https:\/\/twitter.com\/LIFEraisedbogs\"><img loading=\"lazy\" decoding=\"async\" class=\"alignnone wp-image-1070\" src=\"https:\/\/www.raisedbogs.ie\/wp-content\/uploads\/2016\/12\/twitter-logo-transparent.png\" alt=\"Twitter\" width=\"32\" height=\"32\" srcset=\"https:\/\/www.raisedbogs.ie\/wp-content\/uploads\/2016\/12\/twitter-logo-transparent.png 1024w, https:\/\/www.raisedbogs.ie\/wp-content\/uploads\/2016\/12\/twitter-logo-transparent-150x150.png 150w, https:\/\/www.raisedbogs.ie\/wp-content\/uploads\/2016\/12\/twitter-logo-transparent-300x300.png 300w, https:\/\/www.raisedbogs.ie\/wp-content\/uploads\/2016\/12\/twitter-logo-transparent-768x768.png 768w\" sizes=\"auto, (max-width: 32px) 100vw, 32px\" \/><\/a><\/p>\n","protected":false},"excerpt":{"rendered":"<p>F\u00e1ilte chuig an tionscadal athch\u00f3irithe portaigh aonair is m\u00f3 ar tugadh faoi riamh sa st\u00e1t. T\u00e1 An Portach Beo \u2013 Tionscadal Athch\u00f3irithe na bPortach Beo (LIFE14 NAT\/IE\/000032) \u2013 ar si\u00fal [&hellip;]<\/p>\n","protected":false},"author":9,"featured_media":2283,"parent":0,"menu_order":0,"comment_status":"closed","ping_status":"closed","template":"","meta":{"_acf_changed":false,"_EventAllDay":false,"_EventTimezone":"","_EventStartDate":"","_EventEndDate":"","_EventStartDateUTC":"","_EventEndDateUTC":"","_EventShowMap":false,"_EventShowMapLink":false,"_EventURL":"","_EventCost":"","_EventCostDescription":"","_EventCurrencySymbol":"","_EventCurrencyCode":"","_EventCurrencyPosition":"","_EventDateTimeSeparator":"","_EventTimeRangeSeparator":"","_EventOrganizerID":[],"_EventVenueID":[],"_OrganizerEmail":"","_OrganizerPhone":"","_OrganizerWebsite":"","_VenueAddress":"","_VenueCity":"","_VenueCountry":"","_VenueProvince":"","_VenueState":"","_VenueZip":"","_VenuePhone":"","_VenueURL":"","_VenueStateProvince":"","_VenueLat":"","_VenueLng":"","_VenueShowMap":false,"_VenueShowMapLink":false,"footnotes":""},"class_list":["post-2992","page","type-page","status-publish","has-post-thumbnail","hentry"],"acf":[],"_links":{"self":[{"href":"https:\/\/www.raisedbogs.ie\/ga\/wp-json\/wp\/v2\/pages\/2992","targetHints":{"allow":["GET"]}}],"collection":[{"href":"https:\/\/www.raisedbogs.ie\/ga\/wp-json\/wp\/v2\/pages"}],"about":[{"href":"https:\/\/www.raisedbogs.ie\/ga\/wp-json\/wp\/v2\/types\/page"}],"author":[{"embeddable":true,"href":"https:\/\/www.raisedbogs.ie\/ga\/wp-json\/wp\/v2\/users\/9"}],"replies":[{"embeddable":true,"href":"https:\/\/www.raisedbogs.ie\/ga\/wp-json\/wp\/v2\/comments?post=2992"}],"version-history":[{"count":2,"href":"https:\/\/www.raisedbogs.ie\/ga\/wp-json\/wp\/v2\/pages\/2992\/revisions"}],"predecessor-version":[{"id":3815,"href":"https:\/\/www.raisedbogs.ie\/ga\/wp-json\/wp\/v2\/pages\/2992\/revisions\/3815"}],"wp:featuredmedia":[{"embeddable":true,"href":"https:\/\/www.raisedbogs.ie\/ga\/wp-json\/wp\/v2\/media\/2283"}],"wp:attachment":[{"href":"https:\/\/www.raisedbogs.ie\/ga\/wp-json\/wp\/v2\/media?parent=2992"}],"curies":[{"name":"wp","href":"https:\/\/api.w.org\/{rel}","templated":true}]}}